{"id":1082,"date":"2019-12-19T00:00:00","date_gmt":"2019-12-19T03:00:00","guid":{"rendered":"https:\/\/ifd4-nqn.infd.edu.ar\/sitio\/profesorado-de-discapacidad-neuromotora\/"},"modified":"2023-02-08T11:23:51","modified_gmt":"2023-02-08T14:23:51","slug":"profesorado-de-discapacidad-neuromotora","status":"publish","type":"page","link":"https:\/\/ifd4-nqn.infd.edu.ar\/sitio\/profesorado-de-discapacidad-neuromotora\/","title":{"rendered":"Profesorado de educaci\u00f3n especial con orientaci\u00f3n en Discapacidad Neuromotora"},"content":{"rendered":"\n<div class=\"wp-block-file\"><object class=\"wp-block-file__embed\" data=\"https:\/\/ifd4-nqn.infd.edu.ar\/sitio\/wp-content\/uploads\/2023\/02\/Plan-671-2.pdf\" type=\"application\/pdf\" style=\"width:100%;height:600px\" aria-label=\"Incrustado de Plan 671.\"><\/object><a id=\"wp-block-file--media-79a45dfa-c18f-4b75-8c2a-830ac73641d9\" href=\"https:\/\/ifd4-nqn.infd.edu.ar\/sitio\/wp-content\/uploads\/2023\/02\/Plan-671-2.pdf\">Plan 671<\/a><a href=\"https:\/\/ifd4-nqn.infd.edu.ar\/sitio\/wp-content\/uploads\/2023\/02\/Plan-671-2.pdf\" class=\"wp-block-file__button wp-element-button\" download aria-describedby=\"wp-block-file--media-79a45dfa-c18f-4b75-8c2a-830ac73641d9\">Descarga<\/a><\/div>\n\n\n\n<div class=\"wp-block-media-text alignwide is-stacked-on-mobile is-vertically-aligned-top\"><figure class=\"wp-block-media-text__media\"><img decoding=\"async\" loading=\"lazy\" width=\"1900\" height=\"1267\" src=\"https:\/\/ifd4-nqn.infd.edu.ar\/sitio\/wp-content\/uploads\/2021\/10\/shutterstock_524271736-1900x1267.jpg\" alt=\"\" class=\"wp-image-1543 size-full\" srcset=\"https:\/\/ifd4-nqn.infd.edu.ar\/sitio\/wp-content\/uploads\/2021\/10\/shutterstock_524271736-1900x1267.jpg 1900w, https:\/\/ifd4-nqn.infd.edu.ar\/sitio\/wp-content\/uploads\/2021\/10\/shutterstock_524271736-1000x667.jpg 1000w, https:\/\/ifd4-nqn.infd.edu.ar\/sitio\/wp-content\/uploads\/2021\/10\/shutterstock_524271736-768x512.jpg 768w, https:\/\/ifd4-nqn.infd.edu.ar\/sitio\/wp-content\/uploads\/2021\/10\/shutterstock_524271736-1536x1024.jpg 1536w, https:\/\/ifd4-nqn.infd.edu.ar\/sitio\/wp-content\/uploads\/2021\/10\/shutterstock_524271736-2048x1365.jpg 2048w\" sizes=\"(max-width: 1900px) 100vw, 1900px\" \/><\/figure><div class=\"wp-block-media-text__content\">\n<p><em><strong>PROFESORADO EN EDUCACI\u00d3N ESPECIAL CON&nbsp;<\/strong><\/em><em><strong>ORIENTACI\u00d3N EN DISCAPACIDAD NEUROMOTORA<\/strong><\/em><\/p>\n\n\n\n<p><em><strong>Denominaci\u00f3n de la carrera:<\/strong>&nbsp;Profesorado de Educaci\u00f3n Especial con Orientaci\u00f3n en Discapacidad Neuromotora &nbsp;<\/em><\/p>\n\n\n\n<p><em><strong>Titulo a otorgar:<\/strong>&nbsp;&nbsp;Profesor de Educaci\u00f3n Especial con Orientaci\u00f3n en Discapacidad Neuromotora &nbsp;<\/em><\/p>\n\n\n\n<p><em><strong>Duraci\u00f3n de la carrera:<\/strong>&nbsp;Carrera de Grado 4 (cuatro) a\u00f1os &nbsp;<\/em><\/p>\n\n\n\n<p><em><strong>Carga horaria total:<\/strong>&nbsp;horas c\u00e1tedras: 4048 \u2013<\/em><\/p>\n\n\n\n<p><em>horas reloj: 2699<\/em><\/p>\n\n\n\n<p><em><strong>Condiciones de ingreso:<\/strong><\/em><\/p>\n\n\n\n<ul>\n<li><em>Todas aquellas personas que acrediten haber finalizado y aprobado el nivel medio o polimodal de formaci\u00f3n acad\u00e9mica.<\/em><\/li>\n<\/ul>\n\n\n\n<ul>\n<li><em>Profesionales egresados de otras carreras afines en cuyo caso deber\u00e1n analizarse &nbsp;las equivalencias.<\/em><\/li>\n<\/ul>\n\n\n\n<ul>\n<li><em>Cumplir con las condiciones establecidas por el Consejo Provincial de Educaci\u00f3n para el ingreso a los estudios de Educaci\u00f3n Superior y los art\u00edculos N\u00ba 70 y 141 de la Ley de Educaci\u00f3n Nacional.<\/em><\/li>\n<\/ul>\n\n\n\n<p><em>&nbsp;<strong>ALCANCES DEL TITULO :<\/strong><\/em><\/p>\n\n\n\n<p><em>El egresado de este profesorado habr\u00e1 desarrollado conocimientos y habilidades para:<\/em><\/p>\n\n\n\n<ul>\n<li><em>Planificar y evaluar procesos de ense\u00f1anza y de aprendizaje para la educaci\u00f3n de la persona con discapacidad neuromotora, &nbsp;en el nivel inicial, primario, medio y superior, formal e informal, tanto oficial como privado, dentro de la jurisdicci\u00f3n provincial y nacional.<\/em><\/li>\n<\/ul>\n\n\n\n<ul>\n<li><em>Integrar los conocimientos adquiridos en los diferentes espacios curriculares, para la elaboraci\u00f3n, fundamentaci\u00f3n, ejecuci\u00f3n y evaluaci\u00f3n de proyectos pedag\u00f3gico \u2013 did\u00e1cticos en diferentes contextos.<\/em><\/li>\n<\/ul>\n\n\n\n<ul>\n<li><em>Participar en equipos educativos que enmarquen desde lo te\u00f3rico \u2013 metodol\u00f3gico &nbsp;los procesos de integraci\u00f3n de los estudiantes con discapacidad neuromotora. &nbsp;<\/em><\/li>\n<\/ul>\n\n\n\n<ul>\n<li><em>Participar en equipos educativos que aborden los procesos de formaci\u00f3n e integraci\u00f3n socio laboral &nbsp;de los estudiantes con discapacidad neuromotora.<\/em><\/li>\n<\/ul>\n\n\n\n<ul>\n<li><em>Integrar equipos de investigaci\u00f3n sobre tem\u00e1ticas relacionadas con el campo de la Educaci\u00f3n Especial.<\/em><\/li>\n<\/ul>\n\n\n\n<ul>\n<li><em>Participar en equipos interdisciplinarios y en organizaciones comunitarias vinculadas a la promoci\u00f3n de las personas con discapacidad neuromotora. &nbsp;&nbsp;<\/em><\/li>\n<\/ul>\n<\/div><\/div>\n","protected":false},"excerpt":{"rendered":"","protected":false},"author":205,"featured_media":0,"parent":0,"menu_order":0,"comment_status":"closed","ping_status":"closed","template":"","meta":[],"acf":[],"_links":{"self":[{"href":"https:\/\/ifd4-nqn.infd.edu.ar\/sitio\/wp-json\/wp\/v2\/pages\/1082"}],"collection":[{"href":"https:\/\/ifd4-nqn.infd.edu.ar\/sitio\/wp-json\/wp\/v2\/pages"}],"about":[{"href":"https:\/\/ifd4-nqn.infd.edu.ar\/sitio\/wp-json\/wp\/v2\/types\/page"}],"author":[{"embeddable":true,"href":"https:\/\/ifd4-nqn.infd.edu.ar\/sitio\/wp-json\/wp\/v2\/users\/205"}],"replies":[{"embeddable":true,"href":"https:\/\/ifd4-nqn.infd.edu.ar\/sitio\/wp-json\/wp\/v2\/comments?post=1082"}],"version-history":[{"count":7,"href":"https:\/\/ifd4-nqn.infd.edu.ar\/sitio\/wp-json\/wp\/v2\/pages\/1082\/revisions"}],"predecessor-version":[{"id":1708,"href":"https:\/\/ifd4-nqn.infd.edu.ar\/sitio\/wp-json\/wp\/v2\/pages\/1082\/revisions\/1708"}],"wp:attachment":[{"href":"https:\/\/ifd4-nqn.infd.edu.ar\/sitio\/wp-json\/wp\/v2\/media?parent=1082"}],"curies":[{"name":"wp","href":"https:\/\/api.w.org\/{rel}","templated":true}]}}